{"id":14152,"date":"2019-10-13T10:49:51","date_gmt":"2019-10-13T08:49:51","guid":{"rendered":"https:\/\/dase.es\/?post_type=product&#038;p=14152"},"modified":"2024-01-18T09:55:20","modified_gmt":"2024-01-18T08:55:20","slug":"logotipo","status":"publish","type":"product","link":"https:\/\/dase.es\/en\/comprar\/logotipo\/","title":{"rendered":"Logo con ret\u00edcula o proporci\u00f3n \u00e1urea"},"content":{"rendered":"<h2><img loading=\"lazy\" decoding=\"async\" class=\"alignnone size-medium wp-image-4271\" src=\"https:\/\/dase.es\/wp-content\/uploads\/2017\/06\/astrid-galimany-09-243x300.png\" alt=\"\" width=\"243\" height=\"300\" srcset=\"https:\/\/dase.es\/wp-content\/uploads\/2017\/06\/astrid-galimany-09-243x300.png 243w, https:\/\/dase.es\/wp-content\/uploads\/2017\/06\/astrid-galimany-09-450x555.png 450w, https:\/\/dase.es\/wp-content\/uploads\/2017\/06\/astrid-galimany-09.png 483w\" sizes=\"auto, (max-width: 243px) 100vw, 243px\" \/><\/h2>\n<h2>Dise\u00f1o de marcas con ret\u00edcula<\/h2>\n<h3>Logo con proporciones<\/h3>\n<p>Cuidamos la relaci\u00f3n de tama\u00f1os y la alineaci\u00f3n entre los distintos elementos que forman el logotipo para buscando la mejor composici\u00f3n gracias al uso de <strong>cuadr\u00edculas para hacer logos <\/strong>o<strong> ret\u00edculas de construcci\u00f3n de logotipos.<\/strong><\/p>\n<h2><img loading=\"lazy\" decoding=\"async\" class=\"alignnone wp-image-8622 size-full\" src=\"https:\/\/dase.es\/wp-content\/uploads\/2018\/10\/hansu-golden-ratio.png\" alt=\"\" width=\"1024\" height=\"316\" srcset=\"https:\/\/dase.es\/wp-content\/uploads\/2018\/10\/hansu-golden-ratio.png 1024w, https:\/\/dase.es\/wp-content\/uploads\/2018\/10\/hansu-golden-ratio-300x93.png 300w, https:\/\/dase.es\/wp-content\/uploads\/2018\/10\/hansu-golden-ratio-768x237.png 768w, https:\/\/dase.es\/wp-content\/uploads\/2018\/10\/hansu-golden-ratio-705x218.png 705w, https:\/\/dase.es\/wp-content\/uploads\/2018\/10\/hansu-golden-ratio-450x139.png 450w\" sizes=\"auto, (max-width: 1024px) 100vw, 1024px\" \/><\/h2>\n<h2>Dise\u00f1o de logo con proporci\u00f3n \u00e1urea<\/h2>\n<h3>Logos matem\u00e1ticos<\/h3>\n<p>En algunos casos incluso es posible aplicar la &#8220;<strong>divina proporci\u00f3n<\/strong>&#8220;. Esta proporci\u00f3n se encuentra tanto en algunas figuras geom\u00e9tricas como en la naturaleza: en las nervaduras de las hojas de algunos \u00e1rboles, en el grosor de las ramas, en el caparaz\u00f3n de un caracol, en los fl\u00f3sculos de los girasoles, etc.<\/p>\n<h2>N\u00famero \u00e1ureo en logotipos<\/h2>\n<h3>Dise\u00f1o de marcas con la proporci\u00f3n \u00e1urea<\/h3>\n<p>Se atribuye un car\u00e1cter est\u00e9tico a los objetos cuyas medidas guardan la <strong>proporci\u00f3n \u00e1urea en su composici\u00f3n<\/strong>. Algunos incluso creen que posee una importancia m\u00edstica. A lo largo de la historia, se ha atribuido su inclusi\u00f3n en el dise\u00f1o de diversas obras de arquitectura y otras artes, aunque algunos de estos casos han sido cuestionados por los estudiosos de las matem\u00e1ticas y el arte.<\/p>\n<p>&nbsp;<\/p>\n<h3>Logotipo vectorial y con fondo transparente<\/h3>\n<p>Entrega en<strong> formato vectorial .PDF<\/strong> y<strong> .PNG con fondo transparente<\/strong>.<\/p>\n<h3>Versiones en color, blanco y en negro<\/h3>\n<p>Para que contraste sobre cualquier fondo.<\/p>\n<h3>Variaciones compositivas<\/h3>\n<p>Para que uses la mejor opci\u00f3n en cada ocasi\u00f3n: horizontal, vertical, cuadrado o circular.<\/p>\n<h3>Garant\u00eda de satisfacci\u00f3n<\/h3>\n<p>Incluye<strong>\u00a02 revisiones para cambios<\/strong> (hasta 3 propuestas de dise\u00f1o en total)<strong> sin costes adicionales.<\/strong><\/p>\n<h3>Rec\u00edbelo en 10 d\u00edas laborables<\/h3>\n<p>Contr\u00e1talo ya y recibe la primera propuesta de <strong>dise\u00f1o de logotipo <\/strong>en 10 d\u00edas laborables.<\/p>\n<p>\u00bfTienes dudas? <a href=\"https:\/\/dase.es\/contacto\/\">\u00a1Dispara!<\/a><\/p>\n","protected":false},"excerpt":{"rendered":"<p>\u27f2 <strong>Garant\u00eda de satisfacci\u00f3n: <\/strong>Incluye 2 revisiones\u00a0para posibles cambios.<\/p>\n<p>\u2332\u00a0<strong>Entrega en 10 d\u00edas<\/strong> laborables.<\/p>\n","protected":false},"featured_media":4338,"template":"","meta":{"_joinchat":[]},"product_brand":[],"product_cat":[282],"product_tag":[],"class_list":{"0":"post-14152","1":"product","2":"type-product","3":"status-publish","4":"has-post-thumbnail","6":"product_cat-murales","7":"product_shipping_class-servicio-a-domicilio","9":"first","10":"instock","11":"virtual","12":"sold-individually","13":"taxable","14":"purchasable","15":"product-type-simple"},"yoast_head":"<!-- This site is optimized with the Yoast SEO plugin v26.4 - https:\/\/yoast.com\/wordpress\/plugins\/seo\/ -->\n<title>Dise\u00f1o de logo con proporci\u00f3n \u00e1urea. Logotipos con ret\u00edcula &#183; Dase<\/title>\n<meta name=\"description\" content=\"Dise\u00f1o de logotipos con proporci\u00f3n \u00e1urea. Creamos logos con el n\u00famero \u00e1ureo (proporci\u00f3n divina) y cuadr\u00edculas matem\u00e1ticas.\" \/>\n<meta name=\"robots\" content=\"noindex, follow\" \/>\n<meta property=\"og:locale\" content=\"en_US\" \/>\n<meta property=\"og:type\" content=\"article\" \/>\n<meta property=\"og:title\" content=\"Dise\u00f1o de logo con proporci\u00f3n \u00e1urea. Logotipos con ret\u00edcula &#183; Dase\" \/>\n<meta property=\"og:description\" content=\"Dise\u00f1o de logotipos con proporci\u00f3n \u00e1urea. Creamos logos con el n\u00famero \u00e1ureo (proporci\u00f3n divina) y cuadr\u00edculas matem\u00e1ticas.\" \/>\n<meta property=\"og:url\" content=\"https:\/\/dase.es\/en\/comprar\/logotipo\/\" \/>\n<meta property=\"og:site_name\" content=\"Dase\" \/>\n<meta property=\"article:modified_time\" content=\"2024-01-18T08:55:20+00:00\" \/>\n<meta property=\"og:image\" content=\"https:\/\/dase.es\/wp-content\/uploads\/2017\/06\/Astrid-logo-Instagram-post.jpg\" \/>\n\t<meta property=\"og:image:width\" content=\"2250\" \/>\n\t<meta property=\"og:image:height\" content=\"2250\" \/>\n\t<meta property=\"og:image:type\" content=\"image\/jpeg\" \/>\n<meta name=\"twitter:card\" content=\"summary_large_image\" \/>\n<script type=\"application\/ld+json\" class=\"yoast-schema-graph\">{\"@context\":\"https:\/\/schema.org\",\"@graph\":[{\"@type\":\"WebPage\",\"@id\":\"https:\/\/dase.es\/en\/comprar\/logotipo\/\",\"url\":\"https:\/\/dase.es\/en\/comprar\/logotipo\/\",\"name\":\"Dise\u00f1o de logo con proporci\u00f3n \u00e1urea. Logotipos con ret\u00edcula &#183; Dase\",\"isPartOf\":{\"@id\":\"https:\/\/dase.es\/en\/#website\"},\"primaryImageOfPage\":{\"@id\":\"https:\/\/dase.es\/en\/comprar\/logotipo\/#primaryimage\"},\"image\":{\"@id\":\"https:\/\/dase.es\/en\/comprar\/logotipo\/#primaryimage\"},\"thumbnailUrl\":\"https:\/\/dase.es\/wp-content\/uploads\/2017\/06\/Astrid-logo-Instagram-post.jpg\",\"datePublished\":\"2019-10-13T08:49:51+00:00\",\"dateModified\":\"2024-01-18T08:55:20+00:00\",\"description\":\"Dise\u00f1o de logotipos con proporci\u00f3n \u00e1urea. Creamos logos con el n\u00famero \u00e1ureo (proporci\u00f3n divina) y cuadr\u00edculas matem\u00e1ticas.\",\"breadcrumb\":{\"@id\":\"https:\/\/dase.es\/en\/comprar\/logotipo\/#breadcrumb\"},\"inLanguage\":\"en-US\",\"potentialAction\":[{\"@type\":\"ReadAction\",\"target\":[\"https:\/\/dase.es\/en\/comprar\/logotipo\/\"]}]},{\"@type\":\"ImageObject\",\"inLanguage\":\"en-US\",\"@id\":\"https:\/\/dase.es\/en\/comprar\/logotipo\/#primaryimage\",\"url\":\"https:\/\/dase.es\/wp-content\/uploads\/2017\/06\/Astrid-logo-Instagram-post.jpg\",\"contentUrl\":\"https:\/\/dase.es\/wp-content\/uploads\/2017\/06\/Astrid-logo-Instagram-post.jpg\",\"width\":2250,\"height\":2250},{\"@type\":\"BreadcrumbList\",\"@id\":\"https:\/\/dase.es\/en\/comprar\/logotipo\/#breadcrumb\",\"itemListElement\":[{\"@type\":\"ListItem\",\"position\":1,\"name\":\"Tienda online\",\"item\":\"https:\/\/dase.es\/comprar\/\"},{\"@type\":\"ListItem\",\"position\":2,\"name\":\"Painted murals \u203a\",\"item\":\"https:\/\/dase.es\/en\/shop\/painted-murals\/\"},{\"@type\":\"ListItem\",\"position\":3,\"name\":\"Logo con ret\u00edcula o proporci\u00f3n \u00e1urea\"}]},{\"@type\":\"WebSite\",\"@id\":\"https:\/\/dase.es\/en\/#website\",\"url\":\"https:\/\/dase.es\/en\/\",\"name\":\"Dase\",\"description\":\"Pintura Mural y Graffiti Profesional\",\"publisher\":{\"@id\":\"https:\/\/dase.es\/en\/#\/schema\/person\/51518cff00aab96be0990ff852f05dd1\"},\"potentialAction\":[{\"@type\":\"SearchAction\",\"target\":{\"@type\":\"EntryPoint\",\"urlTemplate\":\"https:\/\/dase.es\/en\/?s={search_term_string}\"},\"query-input\":{\"@type\":\"PropertyValueSpecification\",\"valueRequired\":true,\"valueName\":\"search_term_string\"}}],\"inLanguage\":\"en-US\"},{\"@type\":[\"Person\",\"Organization\"],\"@id\":\"https:\/\/dase.es\/en\/#\/schema\/person\/51518cff00aab96be0990ff852f05dd1\",\"name\":\"\",\"image\":{\"@type\":\"ImageObject\",\"inLanguage\":\"en-US\",\"@id\":\"https:\/\/dase.es\/en\/#\/schema\/person\/image\/\",\"url\":\"https:\/\/secure.gravatar.com\/avatar\/d3d5e9a75a56cf98e1b0dee24a616ff1780c643596609041085c62cc1ca5f467?s=96&d=blank&r=g\",\"contentUrl\":\"https:\/\/secure.gravatar.com\/avatar\/d3d5e9a75a56cf98e1b0dee24a616ff1780c643596609041085c62cc1ca5f467?s=96&d=blank&r=g\"},\"logo\":{\"@id\":\"https:\/\/dase.es\/en\/#\/schema\/person\/image\/\"}}]}<\/script>\n<!-- \/ Yoast SEO plugin. -->","yoast_head_json":{"title":"Dise\u00f1o de logo con proporci\u00f3n \u00e1urea. Logotipos con ret\u00edcula &#183; Dase","description":"Dise\u00f1o de logotipos con proporci\u00f3n \u00e1urea. Creamos logos con el n\u00famero \u00e1ureo (proporci\u00f3n divina) y cuadr\u00edculas matem\u00e1ticas.","robots":{"index":"noindex","follow":"follow"},"og_locale":"en_US","og_type":"article","og_title":"Dise\u00f1o de logo con proporci\u00f3n \u00e1urea. Logotipos con ret\u00edcula &#183; Dase","og_description":"Dise\u00f1o de logotipos con proporci\u00f3n \u00e1urea. Creamos logos con el n\u00famero \u00e1ureo (proporci\u00f3n divina) y cuadr\u00edculas matem\u00e1ticas.","og_url":"https:\/\/dase.es\/en\/comprar\/logotipo\/","og_site_name":"Dase","article_modified_time":"2024-01-18T08:55:20+00:00","og_image":[{"width":2250,"height":2250,"url":"https:\/\/dase.es\/wp-content\/uploads\/2017\/06\/Astrid-logo-Instagram-post.jpg","type":"image\/jpeg"}],"twitter_card":"summary_large_image","schema":{"@context":"https:\/\/schema.org","@graph":[{"@type":"WebPage","@id":"https:\/\/dase.es\/en\/comprar\/logotipo\/","url":"https:\/\/dase.es\/en\/comprar\/logotipo\/","name":"Dise\u00f1o de logo con proporci\u00f3n \u00e1urea. Logotipos con ret\u00edcula &#183; Dase","isPartOf":{"@id":"https:\/\/dase.es\/en\/#website"},"primaryImageOfPage":{"@id":"https:\/\/dase.es\/en\/comprar\/logotipo\/#primaryimage"},"image":{"@id":"https:\/\/dase.es\/en\/comprar\/logotipo\/#primaryimage"},"thumbnailUrl":"https:\/\/dase.es\/wp-content\/uploads\/2017\/06\/Astrid-logo-Instagram-post.jpg","datePublished":"2019-10-13T08:49:51+00:00","dateModified":"2024-01-18T08:55:20+00:00","description":"Dise\u00f1o de logotipos con proporci\u00f3n \u00e1urea. Creamos logos con el n\u00famero \u00e1ureo (proporci\u00f3n divina) y cuadr\u00edculas matem\u00e1ticas.","breadcrumb":{"@id":"https:\/\/dase.es\/en\/comprar\/logotipo\/#breadcrumb"},"inLanguage":"en-US","potentialAction":[{"@type":"ReadAction","target":["https:\/\/dase.es\/en\/comprar\/logotipo\/"]}]},{"@type":"ImageObject","inLanguage":"en-US","@id":"https:\/\/dase.es\/en\/comprar\/logotipo\/#primaryimage","url":"https:\/\/dase.es\/wp-content\/uploads\/2017\/06\/Astrid-logo-Instagram-post.jpg","contentUrl":"https:\/\/dase.es\/wp-content\/uploads\/2017\/06\/Astrid-logo-Instagram-post.jpg","width":2250,"height":2250},{"@type":"BreadcrumbList","@id":"https:\/\/dase.es\/en\/comprar\/logotipo\/#breadcrumb","itemListElement":[{"@type":"ListItem","position":1,"name":"Tienda online","item":"https:\/\/dase.es\/comprar\/"},{"@type":"ListItem","position":2,"name":"Painted murals \u203a","item":"https:\/\/dase.es\/en\/shop\/painted-murals\/"},{"@type":"ListItem","position":3,"name":"Logo con ret\u00edcula o proporci\u00f3n \u00e1urea"}]},{"@type":"WebSite","@id":"https:\/\/dase.es\/en\/#website","url":"https:\/\/dase.es\/en\/","name":"Dase","description":"Pintura Mural y Graffiti Profesional","publisher":{"@id":"https:\/\/dase.es\/en\/#\/schema\/person\/51518cff00aab96be0990ff852f05dd1"},"potentialAction":[{"@type":"SearchAction","target":{"@type":"EntryPoint","urlTemplate":"https:\/\/dase.es\/en\/?s={search_term_string}"},"query-input":{"@type":"PropertyValueSpecification","valueRequired":true,"valueName":"search_term_string"}}],"inLanguage":"en-US"},{"@type":["Person","Organization"],"@id":"https:\/\/dase.es\/en\/#\/schema\/person\/51518cff00aab96be0990ff852f05dd1","name":"","image":{"@type":"ImageObject","inLanguage":"en-US","@id":"https:\/\/dase.es\/en\/#\/schema\/person\/image\/","url":"https:\/\/secure.gravatar.com\/avatar\/d3d5e9a75a56cf98e1b0dee24a616ff1780c643596609041085c62cc1ca5f467?s=96&d=blank&r=g","contentUrl":"https:\/\/secure.gravatar.com\/avatar\/d3d5e9a75a56cf98e1b0dee24a616ff1780c643596609041085c62cc1ca5f467?s=96&d=blank&r=g"},"logo":{"@id":"https:\/\/dase.es\/en\/#\/schema\/person\/image\/"}}]}},"_links":{"self":[{"href":"https:\/\/dase.es\/en\/wp-json\/wp\/v2\/product\/14152","targetHints":{"allow":["GET"]}}],"collection":[{"href":"https:\/\/dase.es\/en\/wp-json\/wp\/v2\/product"}],"about":[{"href":"https:\/\/dase.es\/en\/wp-json\/wp\/v2\/types\/product"}],"wp:featuredmedia":[{"embeddable":true,"href":"https:\/\/dase.es\/en\/wp-json\/wp\/v2\/media\/4338"}],"wp:attachment":[{"href":"https:\/\/dase.es\/en\/wp-json\/wp\/v2\/media?parent=14152"}],"wp:term":[{"taxonomy":"product_brand","embeddable":true,"href":"https:\/\/dase.es\/en\/wp-json\/wp\/v2\/product_brand?post=14152"},{"taxonomy":"product_cat","embeddable":true,"href":"https:\/\/dase.es\/en\/wp-json\/wp\/v2\/product_cat?post=14152"},{"taxonomy":"product_tag","embeddable":true,"href":"https:\/\/dase.es\/en\/wp-json\/wp\/v2\/product_tag?post=14152"}],"curies":[{"name":"wp","href":"https:\/\/api.w.org\/{rel}","templated":true}]}}